{"id":909,"date":"2025-06-18T12:51:47","date_gmt":"2025-06-18T10:51:47","guid":{"rendered":"https:\/\/inerpro.es\/sobre-nosaltres\/"},"modified":"2025-10-08T10:37:37","modified_gmt":"2025-10-08T08:37:37","slug":"sobre-nosaltres","status":"publish","type":"page","link":"https:\/\/inerpro.es\/ca\/sobre-nosaltres\/","title":{"rendered":"Sobre nosaltres"},"content":{"rendered":"<p>[et_pb_section fb_built=&#8221;1&#8243; _builder_version=&#8221;4.27.4&#8243; _module_preset=&#8221;default&#8221; background_image=&#8221;https:\/\/inerpro.es\/wp-content\/uploads\/inepro-about-header-scaled.webp&#8221; custom_padding=&#8221;12em||6em||false|false&#8221; global_colors_info=&#8221;{}&#8221;][et_pb_row column_structure=&#8221;1_2,1_2&#8243; _builder_version=&#8221;4.27.4&#8243; _module_preset=&#8221;default&#8221; width=&#8221;90%&#8221; global_colors_info=&#8221;{}&#8221;][et_pb_column type=&#8221;1_2&#8243; _builder_version=&#8221;4.27.4&#8243; _module_preset=&#8221;default&#8221; global_colors_info=&#8221;{}&#8221;][et_pb_text _builder_version=&#8221;4.27.4&#8243; _module_preset=&#8221;default&#8221; header_font=&#8221;Sorts Mill Goudy||||||||&#8221; header_text_color=&#8221;#FFFFFF&#8221; header_font_size=&#8221;40px&#8221; header_line_height=&#8221;1.3em&#8221; max_width=&#8221;500px&#8221; custom_margin=&#8221;||1em||false|false&#8221; custom_padding=&#8221;|||1em|false|false&#8221; header_font_size_tablet=&#8221;35px&#8221; header_font_size_phone=&#8221;25px&#8221; header_font_size_last_edited=&#8221;on|tablet&#8221; custom_css_free_form=&#8221;selector h1{||  padding-bottom:0px;||}&#8221; border_width_left=&#8221;3px&#8221; border_color_left=&#8221;#1a887a&#8221; global_colors_info=&#8221;{}&#8221;]<\/p>\n<h1>Consultoria de descarbonitzaci\u00f3<\/h1>\n<p>[\/et_pb_text][\/et_pb_column][et_pb_column type=&#8221;1_2&#8243; _builder_version=&#8221;4.27.4&#8243; _module_preset=&#8221;default&#8221; global_colors_info=&#8221;{}&#8221;][et_pb_text _builder_version=&#8221;4.27.4&#8243; _module_preset=&#8221;default&#8221; text_text_color=&#8221;#FFFFFF&#8221; text_line_height=&#8221;1.8em&#8221; max_width=&#8221;500px&#8221; hover_enabled=&#8221;0&#8243; locked=&#8221;off&#8221; global_colors_info=&#8221;{}&#8221; sticky_enabled=&#8221;0&#8243;]<\/p>\n<p>Inerpro \u00e9s una consultora especialitzada en estrat\u00e8gies de descarbonitzaci\u00f3 i efici\u00e8ncia energ\u00e8tica amb un enfocament orientat a resultats. Des del 2007, hem treballat amb empreses de diversos sectors per millorar la seva efici\u00e8ncia operativa i financera mitjan\u00e7ant tecnologia avan\u00e7ada, solucions d\u2019enginyeria sostenible i finan\u00e7ament optimitzat.\u00a0<\/p>\n<p>[\/et_pb_text][\/et_pb_column][\/et_pb_row][\/et_pb_section][et_pb_section fb_built=&#8221;1&#8243; _builder_version=&#8221;4.27.4&#8243; _module_preset=&#8221;default&#8221; background_image=&#8221;https:\/\/inerpro.es\/wp-content\/uploads\/\/inerpro-home-fondo-1.svg&#8221; background_size=&#8221;contain&#8221; background_position=&#8221;center_right&#8221; custom_padding=&#8221;0em||0em||true|false&#8221; global_colors_info=&#8221;{}&#8221;][et_pb_row column_structure=&#8221;1_2,1_2&#8243; make_equal=&#8221;on&#8221; _builder_version=&#8221;4.27.4&#8243; _module_preset=&#8221;default&#8221; width=&#8221;90%&#8221; max_width=&#8221;980px&#8221; module_alignment=&#8221;center&#8221; custom_padding=&#8221;3em||3em||true|false&#8221; custom_css_main_element=&#8221;align-items:center;&#8221; global_colors_info=&#8221;{}&#8221;][et_pb_column type=&#8221;1_2&#8243; _builder_version=&#8221;4.27.4&#8243; _module_preset=&#8221;default&#8221; global_colors_info=&#8221;{}&#8221;][et_pb_text _builder_version=&#8221;4.27.4&#8243; _module_preset=&#8221;default&#8221; header_text_color=&#8221;#FFFFFF&#8221; header_font_size=&#8221;40px&#8221; header_line_height=&#8221;1.4em&#8221; header_2_font=&#8221;Sorts Mill Goudy||||||||&#8221; header_2_font_size=&#8221;30px&#8221; header_2_line_height=&#8221;1.4em&#8221; max_width=&#8221;500px&#8221; custom_margin=&#8221;||1em||false|false&#8221; custom_padding=&#8221;|||1em|false|false&#8221; header_2_font_size_tablet=&#8221;30px&#8221; header_2_font_size_phone=&#8221;20px&#8221; header_2_font_size_last_edited=&#8221;on|phone&#8221; border_width_left=&#8221;3px&#8221; border_color_left=&#8221;#1a887a&#8221; global_colors_info=&#8221;{}&#8221;]<\/p>\n<h2>La descarbonitzaci\u00f3 com a oportunitat empresarial<\/h2>\n<p>[\/et_pb_text][et_pb_text _builder_version=&#8221;4.27.4&#8243; _module_preset=&#8221;default&#8221; text_text_color=&#8221;#000000&#8243; text_line_height=&#8221;1.8em&#8221; max_width=&#8221;500px&#8221; global_colors_info=&#8221;{}&#8221;]<\/p>\n<p>El nostre equip combina experi\u00e8ncia, tecnologia avan\u00e7ada i un enfocament orientat al client per garantir resultats duradors i tangibles.<\/p>\n<p><\/p>\n<p>L\u2019any 2007, Inerpro va n\u00e9ixer com a <strong>enginyeria d\u2019efici\u00e8ncia energ\u00e8tica<\/strong>, especialitzada a <strong>optimitzar la gesti\u00f3 energ\u00e8tica<\/strong> i desenvolupar plans d\u2019inversi\u00f3 en <strong>instal\u00b7lacions eficients i energia renovable<\/strong>.<\/p>\n<p><\/p>\n<p>Al llarg dels anys, gr\u00e0cies a la seva <strong>aposta per la inclusi\u00f3 de tecnologies innovadores<\/strong>, Inerpro va obtenir reconeixements destacats com el premi al <strong>Millor Projecte d\u2019Efici\u00e8ncia Energ\u00e8tica a l\u2019Europa Occidental<\/strong> atorgat per l\u2019Associaci\u00f3 d\u2019Enginyers Energ\u00e8tics (AEE) el 2018, aix\u00ed com el guard\u00f3 al <strong>Millor Projecte d\u2019Efici\u00e8ncia Energ\u00e8tica en Hotels Espanyols<\/strong> a FITUR 2018.<\/p>\n<p>[\/et_pb_text][\/et_pb_column][et_pb_column type=&#8221;1_2&#8243; _builder_version=&#8221;4.27.4&#8243; _module_preset=&#8221;default&#8221; global_colors_info=&#8221;{}&#8221;][et_pb_image src=&#8221;https:\/\/inerpro.es\/wp-content\/uploads\/inerpro-sobre-nosotros-descarbonizacion-oportunidad-empresarial.webp&#8221; title_text=&#8221;inerpro-sobre-nosotros-descarbonizacion-oportunidad-empresarial&#8221; _builder_version=&#8221;4.27.4&#8243; _module_preset=&#8221;default&#8221; max_width=&#8221;420px&#8221; max_width_tablet=&#8221;100%&#8221; max_width_phone=&#8221;100%&#8221; max_width_last_edited=&#8221;on|tablet&#8221; module_alignment=&#8221;right&#8221; global_colors_info=&#8221;{}&#8221;][\/et_pb_image][\/et_pb_column][\/et_pb_row][et_pb_row column_structure=&#8221;1_2,1_2&#8243; make_equal=&#8221;on&#8221; _builder_version=&#8221;4.27.4&#8243; _module_preset=&#8221;default&#8221; width=&#8221;90%&#8221; max_width=&#8221;980px&#8221; module_alignment=&#8221;center&#8221; custom_padding=&#8221;3em||3em||true|false&#8221; custom_css_main_element=&#8221;align-items:center;&#8221; global_colors_info=&#8221;{}&#8221; custom_css_main_element_last_edited=&#8221;on|tablet&#8221; custom_css_main_element_tablet=&#8221;flex-flow:column-reverse;||display:flex;&#8221; custom_css_main_element_phone=&#8221;flex-flow:column-reverse;||display:flex;&#8221;][et_pb_column type=&#8221;1_2&#8243; _builder_version=&#8221;4.27.4&#8243; _module_preset=&#8221;default&#8221; global_colors_info=&#8221;{}&#8221;][et_pb_image src=&#8221;https:\/\/inerpro.es\/wp-content\/uploads\/inerpro-sobre-nosotros-proyectos-optimizacion.webp&#8221; title_text=&#8221;inerpro-sobre-nosotros-proyectos-optimizacion&#8221; _builder_version=&#8221;4.27.4&#8243; _module_preset=&#8221;default&#8221; max_width=&#8221;420px&#8221; max_width_tablet=&#8221;100%&#8221; max_width_phone=&#8221;100%&#8221; max_width_last_edited=&#8221;on|tablet&#8221; module_alignment=&#8221;right&#8221; global_colors_info=&#8221;{}&#8221;][\/et_pb_image][\/et_pb_column][et_pb_column type=&#8221;1_2&#8243; _builder_version=&#8221;4.27.4&#8243; _module_preset=&#8221;default&#8221; custom_padding_tablet=&#8221;||2em||false|false&#8221; custom_padding_phone=&#8221;||2em||false|false&#8221; custom_padding_last_edited=&#8221;on|tablet&#8221; global_colors_info=&#8221;{}&#8221;][et_pb_text _builder_version=&#8221;4.27.4&#8243; _module_preset=&#8221;default&#8221; text_text_color=&#8221;#000000&#8243; text_line_height=&#8221;1.8em&#8221; max_width=&#8221;500px&#8221; global_colors_info=&#8221;{}&#8221;]<\/p>\n<p>Posteriorment, va ampliar el seu abast cap a <strong>projectes d\u2019optimitzaci\u00f3 h\u00eddrica i economia circular<\/strong>, integrant solucions que redueixen les <strong>emissions de gasos amb efecte d\u2019hivernacle<\/strong> mitjan\u00e7ant plans de mitigaci\u00f3 personalitzats i estrat\u00e8gies de descarbonitzaci\u00f3 adaptades a les necessitats corporatives.<\/p>\n<p><\/p>\n<p>Per superar les barreres d\u2019inversi\u00f3 en iniciatives sostenibles, va desenvolupar <strong>serveis que faciliten el finan\u00e7ament a trav\u00e9s de subvencions, certificats d\u2019estalvi energ\u00e8tic i projectes de Taxonomia Verda<\/strong>, consolidant el seu paper clau en el desenvolupament i \u00e8xit de projectes de descarbonitzaci\u00f3.<\/p>\n<p><\/p>\n<p><span style=\"font-weight: 400;\">Som partners d\u2019efici\u00e8ncia energ\u00e8tica del <strong>Gremi d\u2019Hotels de Barcelona<\/strong>, <strong>Certificadors Energ\u00e8tics d\u2019Edificis acreditats a l\u2019ICAEN<\/strong> i professionals acreditats per <strong>ACCI\u00d3 de la Generalitat de Catalunya<\/strong>.<\/span><\/p>\n<p>[\/et_pb_text][\/et_pb_column][\/et_pb_row][\/et_pb_section][et_pb_section fb_built=&#8221;1&#8243; _builder_version=&#8221;4.27.4&#8243; _module_preset=&#8221;default&#8221; background_image=&#8221;https:\/\/inerpro.es\/wp-content\/uploads\/inerpro-about-fondo-mision-vision-valores-scaled.webp&#8221; background_position=&#8221;top_center&#8221; custom_padding=&#8221;0em||0em||true|false&#8221; global_colors_info=&#8221;{}&#8221;][et_pb_row _builder_version=&#8221;4.27.4&#8243; _module_preset=&#8221;default&#8221; width=&#8221;90%&#8221; module_alignment=&#8221;center&#8221; custom_padding=&#8221;3em||0em||false|false&#8221; global_colors_info=&#8221;{}&#8221;][et_pb_column type=&#8221;4_4&#8243; _builder_version=&#8221;4.27.4&#8243; _module_preset=&#8221;default&#8221; global_colors_info=&#8221;{}&#8221;][et_pb_text _builder_version=&#8221;4.27.4&#8243; _module_preset=&#8221;default&#8221; text_font=&#8221;|700||on|||||&#8221; text_text_color=&#8221;#FFFFFF&#8221; text_line_height=&#8221;1.8em&#8221; max_width=&#8221;500px&#8221; custom_margin=&#8221;||1em||false|false&#8221; global_colors_info=&#8221;{}&#8221;]<\/p>\n<p>Missi\u00f3, visi\u00f3 i valors<\/p>\n<p>[\/et_pb_text][et_pb_text _builder_version=&#8221;4.27.4&#8243; _module_preset=&#8221;default&#8221; header_text_color=&#8221;#FFFFFF&#8221; header_font_size=&#8221;40px&#8221; header_line_height=&#8221;1.4em&#8221; header_2_font=&#8221;Sorts Mill Goudy||||||||&#8221; header_2_text_color=&#8221;#FFFFFF&#8221; header_2_font_size=&#8221;30px&#8221; header_2_line_height=&#8221;1.4em&#8221; max_width=&#8221;500px&#8221; custom_padding=&#8221;|||1em|false|false&#8221; header_2_font_size_tablet=&#8221;30px&#8221; header_2_font_size_phone=&#8221;20px&#8221; header_2_font_size_last_edited=&#8221;on|phone&#8221; custom_css_free_form=&#8221;selector h2{||  padding-bottom:0px;||}&#8221; border_width_left=&#8221;3px&#8221; border_color_left=&#8221;#1a887a&#8221; global_colors_info=&#8221;{}&#8221;]<\/p>\n<h2>Compromesos amb un futur responsable<\/h2>\n<p>[\/et_pb_text][\/et_pb_column][\/et_pb_row][et_pb_row column_structure=&#8221;1_3,1_3,1_3&#8243; make_equal=&#8221;on&#8221; _builder_version=&#8221;4.27.4&#8243; _module_preset=&#8221;default&#8221; width=&#8221;90%&#8221; module_alignment=&#8221;center&#8221; custom_padding=&#8221;3em||3em||true|false&#8221; custom_css_free_form=&#8221;selector .et_pb_column{||  border:1px solid white;||  padding:2em;||}&#8221; global_colors_info=&#8221;{}&#8221;][et_pb_column type=&#8221;1_3&#8243; _builder_version=&#8221;4.27.4&#8243; _module_preset=&#8221;default&#8221; global_colors_info=&#8221;{}&#8221;][et_pb_image src=&#8221;https:\/\/inerpro.es\/wp-content\/uploads\/\/inerpro-icono-mision-verde.svg&#8221; title_text=&#8221;inerpro-icono-mision-verde&#8221; _builder_version=&#8221;4.27.4&#8243; _module_preset=&#8221;default&#8221; max_width=&#8221;50px&#8221; max_height=&#8221;50px&#8221; global_colors_info=&#8221;{}&#8221;][\/et_pb_image][et_pb_text _builder_version=&#8221;4.27.4&#8243; _module_preset=&#8221;default&#8221; text_font=&#8221;|700||on|||||&#8221; text_text_color=&#8221;#FFFFFF&#8221; max_width=&#8221;500px&#8221; custom_margin=&#8221;||2em||false|false&#8221; global_colors_info=&#8221;{}&#8221;]<\/p>\n<p>Missi\u00f3<\/p>\n<p>[\/et_pb_text][et_pb_text _builder_version=&#8221;4.27.4&#8243; _module_preset=&#8221;default&#8221; text_font=&#8221;||||||||&#8221; text_text_color=&#8221;#FFFFFF&#8221; text_line_height=&#8221;1.8em&#8221; max_width=&#8221;500px&#8221; custom_margin=&#8221;||1em||false|false&#8221; global_colors_info=&#8221;{}&#8221;]<\/p>\n<p>Integrar la descarbonitzaci\u00f3 en el model de negoci dels nostres clients, millorant la seva competitivitat i imatge corporativa.<\/p>\n<p>[\/et_pb_text][\/et_pb_column][et_pb_column type=&#8221;1_3&#8243; _builder_version=&#8221;4.27.4&#8243; _module_preset=&#8221;default&#8221; global_colors_info=&#8221;{}&#8221;][et_pb_image src=&#8221;https:\/\/inerpro.es\/wp-content\/uploads\/\/inerpro-icono-vision-verde.svg&#8221; title_text=&#8221;inerpro-icono-vision-verde&#8221; _builder_version=&#8221;4.27.4&#8243; _module_preset=&#8221;default&#8221; max_width=&#8221;50px&#8221; max_height=&#8221;50px&#8221; global_colors_info=&#8221;{}&#8221;][\/et_pb_image][et_pb_text _builder_version=&#8221;4.27.4&#8243; _module_preset=&#8221;default&#8221; text_font=&#8221;|700||on|||||&#8221; text_text_color=&#8221;#FFFFFF&#8221; max_width=&#8221;500px&#8221; custom_margin=&#8221;||2em||false|false&#8221; global_colors_info=&#8221;{}&#8221;]<\/p>\n<p>Visi\u00f3<\/p>\n<p>[\/et_pb_text][et_pb_text _builder_version=&#8221;4.27.4&#8243; _module_preset=&#8221;default&#8221; text_font=&#8221;||||||||&#8221; text_text_color=&#8221;#FFFFFF&#8221; text_line_height=&#8221;1.8em&#8221; max_width=&#8221;500px&#8221; custom_margin=&#8221;||1em||false|false&#8221; global_colors_info=&#8221;{}&#8221;]<\/p>\n<p>Ser la consultora de refer\u00e8ncia per a empreses que volen un futur sostenible i rendible<\/p>\n<p>[\/et_pb_text][\/et_pb_column][et_pb_column type=&#8221;1_3&#8243; _builder_version=&#8221;4.27.4&#8243; _module_preset=&#8221;default&#8221; global_colors_info=&#8221;{}&#8221;][et_pb_image src=&#8221;https:\/\/inerpro.es\/wp-content\/uploads\/\/inerpro-icono-valores-verde.svg&#8221; title_text=&#8221;inerpro-icono-valores-verde&#8221; _builder_version=&#8221;4.27.4&#8243; _module_preset=&#8221;default&#8221; max_width=&#8221;50px&#8221; max_height=&#8221;50px&#8221; global_colors_info=&#8221;{}&#8221;][\/et_pb_image][et_pb_text _builder_version=&#8221;4.27.4&#8243; _module_preset=&#8221;default&#8221; text_font=&#8221;|700||on|||||&#8221; text_text_color=&#8221;#FFFFFF&#8221; max_width=&#8221;500px&#8221; custom_margin=&#8221;||2em||false|false&#8221; global_colors_info=&#8221;{}&#8221;]<\/p>\n<p>Valors<\/p>\n<p>[\/et_pb_text][et_pb_text _builder_version=&#8221;4.27.4&#8243; _module_preset=&#8221;default&#8221; text_font=&#8221;||||||||&#8221; text_text_color=&#8221;#FFFFFF&#8221; text_line_height=&#8221;1.8em&#8221; max_width=&#8221;500px&#8221; custom_margin=&#8221;||1em||false|false&#8221; global_colors_info=&#8221;{}&#8221;]<\/p>\n<p>El nostre comprom\u00eds es basa en la innovaci\u00f3, la transpar\u00e8ncia i la generaci\u00f3 d\u2019un impacte positiu real.<\/p>\n<p>[\/et_pb_text][\/et_pb_column][\/et_pb_row][\/et_pb_section][et_pb_section fb_built=&#8221;1&#8243; _builder_version=&#8221;4.27.4&#8243; _module_preset=&#8221;default&#8221; custom_padding=&#8221;0px||0px||true|false&#8221; global_colors_info=&#8221;{}&#8221;][et_pb_row column_structure=&#8221;1_2,1_2&#8243; _builder_version=&#8221;4.27.4&#8243; _module_preset=&#8221;default&#8221; width=&#8221;90%&#8221; max_width=&#8221;1080px&#8221; module_alignment=&#8221;center&#8221; global_colors_info=&#8221;{}&#8221;][et_pb_column type=&#8221;1_2&#8243; _builder_version=&#8221;4.27.4&#8243; _module_preset=&#8221;default&#8221; global_colors_info=&#8221;{}&#8221;][et_pb_image src=&#8221;https:\/\/inerpro.es\/wp-content\/uploads\/\/logo-aee.svg&#8221; title_text=&#8221;logo-aee&#8221; _builder_version=&#8221;4.27.4&#8243; _module_preset=&#8221;default&#8221; max_width=&#8221;180px&#8221; module_alignment=&#8221;center&#8221; global_colors_info=&#8221;{}&#8221;][\/et_pb_image][et_pb_text _builder_version=&#8221;4.27.4&#8243; _module_preset=&#8221;default&#8221; text_font_size=&#8221;12px&#8221; text_orientation=&#8221;center&#8221; max_width=&#8221;400px&#8221; module_alignment=&#8221;center&#8221; global_colors_info=&#8221;{}&#8221;]<\/p>\n<p>Premi Western Europe Region Energy Project of the Year 2018 de l\u2019AEE: Monitor &amp; Save Project for Andaz Liverpool Street Hotel<\/p>\n<p>[\/et_pb_text][\/et_pb_column][et_pb_column type=&#8221;1_2&#8243; _builder_version=&#8221;4.27.4&#8243; _module_preset=&#8221;default&#8221; global_colors_info=&#8221;{}&#8221;][et_pb_image src=&#8221;https:\/\/inerpro.es\/wp-content\/uploads\/\/logo-fitur.svg&#8221; title_text=&#8221;logo-fitur&#8221; _builder_version=&#8221;4.27.4&#8243; _module_preset=&#8221;default&#8221; max_width=&#8221;180px&#8221; module_alignment=&#8221;center&#8221; custom_padding=&#8221;0.55em||0.55em||true|false&#8221; global_colors_info=&#8221;{}&#8221;][\/et_pb_image][et_pb_text _builder_version=&#8221;4.27.4&#8243; _module_preset=&#8221;default&#8221; text_font_size=&#8221;12px&#8221; text_orientation=&#8221;center&#8221; max_width=&#8221;400px&#8221; module_alignment=&#8221;center&#8221; global_colors_info=&#8221;{}&#8221;]<\/p>\n<p>Primer premi a la millor rehabilitaci\u00f3 d\u2019instal\u00b7lacions a Fitur 2018, a l\u2019Hotel Riu Meloneras de Gran Can\u00e0ria<\/p>\n<p>[\/et_pb_text][\/et_pb_column][\/et_pb_row][et_pb_row _builder_version=&#8221;4.27.4&#8243; _module_preset=&#8221;default&#8221; width=&#8221;90%&#8221; global_colors_info=&#8221;{}&#8221;][et_pb_column type=&#8221;4_4&#8243; _builder_version=&#8221;4.27.4&#8243; _module_preset=&#8221;default&#8221; global_colors_info=&#8221;{}&#8221;][et_pb_text _builder_version=&#8221;4.27.4&#8243; _module_preset=&#8221;default&#8221; header_text_color=&#8221;#FFFFFF&#8221; header_font_size=&#8221;40px&#8221; header_line_height=&#8221;1.4em&#8221; header_2_font=&#8221;Sorts Mill Goudy||||||||&#8221; header_2_text_align=&#8221;center&#8221; header_2_font_size=&#8221;35px&#8221; header_2_line_height=&#8221;1.4em&#8221; max_width=&#8221;700px&#8221; module_alignment=&#8221;center&#8221; custom_margin=&#8221;||1em||false|false&#8221; custom_padding=&#8221;|||1em|false|false&#8221; header_2_font_size_tablet=&#8221;30px&#8221; header_2_font_size_phone=&#8221;20px&#8221; header_2_font_size_last_edited=&#8221;on|tablet&#8221; custom_css_free_form=&#8221;selector strong{||  color:#1a887a;||}&#8221; global_colors_info=&#8221;{}&#8221;]<\/p>\n<h2><strong>+15 anys<\/strong> de traject\u00f2ria reconeguda en sostenibilitat, innovaci\u00f3 i impacte empresarial<\/h2>\n<p>[\/et_pb_text][\/et_pb_column][\/et_pb_row][\/et_pb_section][et_pb_section fb_built=&#8221;1&#8243; _builder_version=&#8221;4.27.4&#8243; _module_preset=&#8221;default&#8221; background_image=&#8221;https:\/\/inerpro.es\/wp-content\/uploads\/inerpro-fondo-cta-objetivos-sostenibilidad.webp&#8221; background_position=&#8221;top_center&#8221; custom_padding=&#8221;0em||0em||true|false&#8221; locked=&#8221;off&#8221; global_colors_info=&#8221;{}&#8221;][et_pb_row _builder_version=&#8221;4.27.4&#8243; _module_preset=&#8221;default&#8221; width=&#8221;90%&#8221; locked=&#8221;off&#8221; global_colors_info=&#8221;{}&#8221;][et_pb_column type=&#8221;4_4&#8243; _builder_version=&#8221;4.27.4&#8243; _module_preset=&#8221;default&#8221; global_colors_info=&#8221;{}&#8221;][et_pb_text _builder_version=&#8221;4.27.4&#8243; _module_preset=&#8221;default&#8221; header_text_color=&#8221;#FFFFFF&#8221; header_font_size=&#8221;40px&#8221; header_line_height=&#8221;1.4em&#8221; header_2_font=&#8221;Sorts Mill Goudy||||||||&#8221; header_2_text_align=&#8221;center&#8221; header_2_font_size=&#8221;35px&#8221; header_2_line_height=&#8221;1.4em&#8221; max_width=&#8221;700px&#8221; module_alignment=&#8221;center&#8221; custom_margin=&#8221;||1em||false|false&#8221; custom_padding=&#8221;|||1em|false|false&#8221; header_2_font_size_tablet=&#8221;30px&#8221; header_2_font_size_phone=&#8221;20px&#8221; header_2_font_size_last_edited=&#8221;on|tablet&#8221; custom_css_free_form=&#8221;selector strong{||  color:#1a887a;||}&#8221; global_colors_info=&#8221;{}&#8221;]<\/p>\n<h2><span style=\"color: #ffffff;\">Tens objectius de sostenibilitat, per\u00f2 no saps per on comen\u00e7ar?<\/span><\/h2>\n<p><\/p>\n<p style=\"text-align: center;\"><span style=\"color: #ffffff;\">Explica\u2019ns el teu repte i t\u2019ajudem a convertir-lo en un pla viable, finan\u00e7at i executat amb \u00e8xit.<\/span><\/p>\n<p>[\/et_pb_text][et_pb_button button_url=&#8221;@ET-DC@eyJkeW5hbWljIjp0cnVlLCJjb250ZW50IjoicG9zdF9saW5rX3VybF9wYWdlIiwic2V0dGluZ3MiOnsicG9zdF9pZCI6Ijg0In19@&#8221; button_text=&#8221;Sol\u00b7licita el teu pla personalitzat&#8221; button_alignment=&#8221;center&#8221; _builder_version=&#8221;4.27.4&#8243; _dynamic_attributes=&#8221;button_url&#8221; _module_preset=&#8221;default&#8221; custom_margin=&#8221;30px||20px||false|false&#8221; locked=&#8221;off&#8221; global_colors_info=&#8221;{}&#8221;][\/et_pb_button][\/et_pb_column][\/et_pb_row][\/et_pb_section]<\/p>\n","protected":false},"excerpt":{"rendered":"<p>Consultoria de descarbonitzaci\u00f3Inerpro \u00e9s una consultora especialitzada en estrat\u00e8gies de descarbonitzaci\u00f3 i efici\u00e8ncia energ\u00e8tica amb un enfocament orientat a resultats. Des del 2007, hem treballat amb empreses de diversos sectors per millorar la seva efici\u00e8ncia operativa i financera mitjan\u00e7ant tecnologia avan\u00e7ada, solucions d\u2019enginyeria sostenible i finan\u00e7ament optimitzat.\u00a0La descarbonitzaci\u00f3 com a oportunitat empresarialEl nostre equip combina [&hellip;]<\/p>\n","protected":false},"author":1,"featured_media":0,"parent":0,"menu_order":0,"comment_status":"closed","ping_status":"closed","template":"","meta":{"_et_pb_use_builder":"on","_et_pb_old_content":"","_et_gb_content_width":"","inline_featured_image":false,"footnotes":""},"class_list":["post-909","page","type-page","status-publish","hentry"],"yoast_head":"<!-- This site is optimized with the Yoast SEO plugin v27.4 - https:\/\/yoast.com\/product\/yoast-seo-wordpress\/ -->\n<title>Consultoria de descarbonitzaci\u00f3 i efici\u00e8ncia energ\u00e8tica | Inerpro<\/title>\n<meta name=\"description\" content=\"Consultora a Cerdanyola des del 2007, experta en efici\u00e8ncia energ\u00e8tica, descarbonitzaci\u00f3 i gesti\u00f3 de subvencions per a empreses sostenibles.\" \/>\n<meta name=\"robots\" content=\"index, follow, max-snippet:-1, max-image-preview:large, max-video-preview:-1\" \/>\n<link rel=\"canonical\" href=\"https:\/\/inerpro.es\/ca\/sobre-nosaltres\/\" \/>\n<meta property=\"og:locale\" content=\"ca_ES\" \/>\n<meta property=\"og:type\" content=\"article\" \/>\n<meta property=\"og:title\" content=\"Consultoria de descarbonitzaci\u00f3 i efici\u00e8ncia energ\u00e8tica | Inerpro\" \/>\n<meta property=\"og:description\" content=\"Consultora a Cerdanyola des del 2007, experta en efici\u00e8ncia energ\u00e8tica, descarbonitzaci\u00f3 i gesti\u00f3 de subvencions per a empreses sostenibles.\" \/>\n<meta property=\"og:url\" content=\"https:\/\/inerpro.es\/ca\/sobre-nosaltres\/\" \/>\n<meta property=\"og:site_name\" content=\"Inerpro\" \/>\n<meta property=\"article:modified_time\" content=\"2025-10-08T08:37:37+00:00\" \/>\n<meta name=\"twitter:card\" content=\"summary_large_image\" \/>\n<meta name=\"twitter:label1\" content=\"Temps estimat de lectura\" \/>\n\t<meta name=\"twitter:data1\" content=\"11 minuts\" \/>\n<script type=\"application\/ld+json\" class=\"yoast-schema-graph\">{\"@context\":\"https:\\\/\\\/schema.org\",\"@graph\":[{\"@type\":\"WebPage\",\"@id\":\"https:\\\/\\\/inerpro.es\\\/ca\\\/sobre-nosaltres\\\/\",\"url\":\"https:\\\/\\\/inerpro.es\\\/ca\\\/sobre-nosaltres\\\/\",\"name\":\"Consultoria de descarbonitzaci\u00f3 i efici\u00e8ncia energ\u00e8tica | Inerpro\",\"isPartOf\":{\"@id\":\"https:\\\/\\\/inerpro.es\\\/ca\\\/#website\"},\"datePublished\":\"2025-06-18T10:51:47+00:00\",\"dateModified\":\"2025-10-08T08:37:37+00:00\",\"description\":\"Consultora a Cerdanyola des del 2007, experta en efici\u00e8ncia energ\u00e8tica, descarbonitzaci\u00f3 i gesti\u00f3 de subvencions per a empreses sostenibles.\",\"breadcrumb\":{\"@id\":\"https:\\\/\\\/inerpro.es\\\/ca\\\/sobre-nosaltres\\\/#breadcrumb\"},\"inLanguage\":\"ca\",\"potentialAction\":[{\"@type\":\"ReadAction\",\"target\":[\"https:\\\/\\\/inerpro.es\\\/ca\\\/sobre-nosaltres\\\/\"]}]},{\"@type\":\"BreadcrumbList\",\"@id\":\"https:\\\/\\\/inerpro.es\\\/ca\\\/sobre-nosaltres\\\/#breadcrumb\",\"itemListElement\":[{\"@type\":\"ListItem\",\"position\":1,\"name\":\"Portada\",\"item\":\"https:\\\/\\\/inerpro.es\\\/ca\\\/\"},{\"@type\":\"ListItem\",\"position\":2,\"name\":\"Sobre nosaltres\"}]},{\"@type\":\"WebSite\",\"@id\":\"https:\\\/\\\/inerpro.es\\\/ca\\\/#website\",\"url\":\"https:\\\/\\\/inerpro.es\\\/ca\\\/\",\"name\":\"Inerpro\",\"description\":\"\",\"potentialAction\":[{\"@type\":\"SearchAction\",\"target\":{\"@type\":\"EntryPoint\",\"urlTemplate\":\"https:\\\/\\\/inerpro.es\\\/ca\\\/?s={search_term_string}\"},\"query-input\":{\"@type\":\"PropertyValueSpecification\",\"valueRequired\":true,\"valueName\":\"search_term_string\"}}],\"inLanguage\":\"ca\"}]}<\/script>\n<!-- \/ Yoast SEO plugin. -->","yoast_head_json":{"title":"Consultoria de descarbonitzaci\u00f3 i efici\u00e8ncia energ\u00e8tica | Inerpro","description":"Consultora a Cerdanyola des del 2007, experta en efici\u00e8ncia energ\u00e8tica, descarbonitzaci\u00f3 i gesti\u00f3 de subvencions per a empreses sostenibles.","robots":{"index":"index","follow":"follow","max-snippet":"max-snippet:-1","max-image-preview":"max-image-preview:large","max-video-preview":"max-video-preview:-1"},"canonical":"https:\/\/inerpro.es\/ca\/sobre-nosaltres\/","og_locale":"ca_ES","og_type":"article","og_title":"Consultoria de descarbonitzaci\u00f3 i efici\u00e8ncia energ\u00e8tica | Inerpro","og_description":"Consultora a Cerdanyola des del 2007, experta en efici\u00e8ncia energ\u00e8tica, descarbonitzaci\u00f3 i gesti\u00f3 de subvencions per a empreses sostenibles.","og_url":"https:\/\/inerpro.es\/ca\/sobre-nosaltres\/","og_site_name":"Inerpro","article_modified_time":"2025-10-08T08:37:37+00:00","twitter_card":"summary_large_image","twitter_misc":{"Temps estimat de lectura":"11 minuts"},"schema":{"@context":"https:\/\/schema.org","@graph":[{"@type":"WebPage","@id":"https:\/\/inerpro.es\/ca\/sobre-nosaltres\/","url":"https:\/\/inerpro.es\/ca\/sobre-nosaltres\/","name":"Consultoria de descarbonitzaci\u00f3 i efici\u00e8ncia energ\u00e8tica | Inerpro","isPartOf":{"@id":"https:\/\/inerpro.es\/ca\/#website"},"datePublished":"2025-06-18T10:51:47+00:00","dateModified":"2025-10-08T08:37:37+00:00","description":"Consultora a Cerdanyola des del 2007, experta en efici\u00e8ncia energ\u00e8tica, descarbonitzaci\u00f3 i gesti\u00f3 de subvencions per a empreses sostenibles.","breadcrumb":{"@id":"https:\/\/inerpro.es\/ca\/sobre-nosaltres\/#breadcrumb"},"inLanguage":"ca","potentialAction":[{"@type":"ReadAction","target":["https:\/\/inerpro.es\/ca\/sobre-nosaltres\/"]}]},{"@type":"BreadcrumbList","@id":"https:\/\/inerpro.es\/ca\/sobre-nosaltres\/#breadcrumb","itemListElement":[{"@type":"ListItem","position":1,"name":"Portada","item":"https:\/\/inerpro.es\/ca\/"},{"@type":"ListItem","position":2,"name":"Sobre nosaltres"}]},{"@type":"WebSite","@id":"https:\/\/inerpro.es\/ca\/#website","url":"https:\/\/inerpro.es\/ca\/","name":"Inerpro","description":"","potentialAction":[{"@type":"SearchAction","target":{"@type":"EntryPoint","urlTemplate":"https:\/\/inerpro.es\/ca\/?s={search_term_string}"},"query-input":{"@type":"PropertyValueSpecification","valueRequired":true,"valueName":"search_term_string"}}],"inLanguage":"ca"}]}},"_links":{"self":[{"href":"https:\/\/inerpro.es\/ca\/wp-json\/wp\/v2\/pages\/909","targetHints":{"allow":["GET"]}}],"collection":[{"href":"https:\/\/inerpro.es\/ca\/wp-json\/wp\/v2\/pages"}],"about":[{"href":"https:\/\/inerpro.es\/ca\/wp-json\/wp\/v2\/types\/page"}],"author":[{"embeddable":true,"href":"https:\/\/inerpro.es\/ca\/wp-json\/wp\/v2\/users\/1"}],"replies":[{"embeddable":true,"href":"https:\/\/inerpro.es\/ca\/wp-json\/wp\/v2\/comments?post=909"}],"version-history":[{"count":12,"href":"https:\/\/inerpro.es\/ca\/wp-json\/wp\/v2\/pages\/909\/revisions"}],"predecessor-version":[{"id":1113,"href":"https:\/\/inerpro.es\/ca\/wp-json\/wp\/v2\/pages\/909\/revisions\/1113"}],"wp:attachment":[{"href":"https:\/\/inerpro.es\/ca\/wp-json\/wp\/v2\/media?parent=909"}],"curies":[{"name":"wp","href":"https:\/\/api.w.org\/{rel}","templated":true}]}}