{"id":906,"date":"2025-07-17T16:36:59","date_gmt":"2025-07-17T14:36:59","guid":{"rendered":"https:\/\/inerpro.es\/beneficis\/"},"modified":"2025-09-10T18:34:15","modified_gmt":"2025-09-10T16:34:15","slug":"beneficis","status":"publish","type":"page","link":"https:\/\/inerpro.es\/ca\/beneficis\/","title":{"rendered":"Beneficis"},"content":{"rendered":"<p>[et_pb_section fb_built=&#8221;1&#8243; custom_padding_last_edited=&#8221;on|phone&#8221; _builder_version=&#8221;4.27.4&#8243; _module_preset=&#8221;default&#8221; background_image=&#8221;https:\/\/inerpro.es\/wp-content\/uploads\/inerpro-casos-de-exito-header-scaled.webp&#8221; custom_padding=&#8221;12em||6em||false|false&#8221; custom_padding_tablet=&#8221;10em||3em||false|false&#8221; custom_padding_phone=&#8221;8em||2em||false|false&#8221; global_colors_info=&#8221;{}&#8221;][et_pb_row column_structure=&#8221;1_2,1_2&#8243; _builder_version=&#8221;4.27.4&#8243; _module_preset=&#8221;default&#8221; width=&#8221;90%&#8221; global_colors_info=&#8221;{}&#8221;][et_pb_column type=&#8221;1_2&#8243; _builder_version=&#8221;4.27.4&#8243; _module_preset=&#8221;default&#8221; global_colors_info=&#8221;{}&#8221;][et_pb_text _builder_version=&#8221;4.27.4&#8243; _module_preset=&#8221;default&#8221; text_font=&#8221;|700||on|||||&#8221; text_text_color=&#8221;#FFFFFF&#8221; text_line_height=&#8221;1.8em&#8221; max_width=&#8221;500px&#8221; custom_margin=&#8221;||1em||false|false&#8221; global_colors_info=&#8221;{}&#8221;]<\/p>\n<p>Beneficis per a empreses<\/p>\n<p>[\/et_pb_text][et_pb_text _builder_version=&#8221;4.27.4&#8243; _module_preset=&#8221;default&#8221; header_font=&#8221;Sorts Mill Goudy||||||||&#8221; header_text_color=&#8221;#FFFFFF&#8221; header_font_size=&#8221;40px&#8221; header_line_height=&#8221;1.3em&#8221; max_width=&#8221;500px&#8221; custom_margin=&#8221;||1em||false|false&#8221; custom_padding=&#8221;|||1em|false|false&#8221; header_font_size_tablet=&#8221;35px&#8221; header_font_size_phone=&#8221;25px&#8221; header_font_size_last_edited=&#8221;on|tablet&#8221; custom_css_free_form=&#8221;selector h1{||  padding-bottom:0px;||}&#8221; border_width_left=&#8221;3px&#8221; border_color_left=&#8221;#1a887a&#8221; global_colors_info=&#8221;{}&#8221;]<\/p>\n<h1>Beneficis d\u2019un projecte de descarbonitzaci\u00f3 amb Inerpro<\/h1>\n<p>[\/et_pb_text][et_pb_text _builder_version=&#8221;4.27.4&#8243; _module_preset=&#8221;default&#8221; text_text_color=&#8221;#FFFFFF&#8221; text_line_height=&#8221;1.8em&#8221; max_width=&#8221;500px&#8221; global_colors_info=&#8221;{}&#8221;]<\/p>\n<p>Inerpro combina experi\u00e8ncia, tecnologia i sostenibilitat per garantir l\u2019\u00e8xit de cada projecte.<\/p>\n<p>[\/et_pb_text][\/et_pb_column][et_pb_column type=&#8221;1_2&#8243; _builder_version=&#8221;4.27.4&#8243; _module_preset=&#8221;default&#8221; global_colors_info=&#8221;{}&#8221;][et_pb_image src=&#8221;https:\/\/inerpro.es\/wp-content\/uploads\/inerpro-beneficios-descarbonizacion.webp&#8221; title_text=&#8221;inerpro-beneficios-descarbonizacion&#8221; _builder_version=&#8221;4.27.4&#8243; _module_preset=&#8221;default&#8221; max_width=&#8221;420px&#8221; max_width_tablet=&#8221;100%&#8221; max_width_phone=&#8221;100%&#8221; max_width_last_edited=&#8221;on|tablet&#8221; module_alignment=&#8221;right&#8221; global_colors_info=&#8221;{}&#8221;][\/et_pb_image][\/et_pb_column][\/et_pb_row][\/et_pb_section][et_pb_section fb_built=&#8221;1&#8243; _builder_version=&#8221;4.27.4&#8243; _module_preset=&#8221;default&#8221; background_enable_image=&#8221;off&#8221; background_size=&#8221;contain&#8221; background_position=&#8221;center_right&#8221; custom_padding=&#8221;0em||0em||true|false&#8221; global_colors_info=&#8221;{}&#8221;][et_pb_row make_equal=&#8221;on&#8221; _builder_version=&#8221;4.27.4&#8243; _module_preset=&#8221;default&#8221; width=&#8221;90%&#8221; max_width=&#8221;980px&#8221; module_alignment=&#8221;center&#8221; custom_padding=&#8221;3em||0em||false|false&#8221; custom_css_main_element=&#8221;align-items:center;&#8221; global_colors_info=&#8221;{}&#8221;][et_pb_column type=&#8221;4_4&#8243; _builder_version=&#8221;4.27.4&#8243; _module_preset=&#8221;default&#8221; global_colors_info=&#8221;{}&#8221;][et_pb_text _builder_version=&#8221;4.27.4&#8243; _module_preset=&#8221;default&#8221; header_text_color=&#8221;#FFFFFF&#8221; header_font_size=&#8221;40px&#8221; header_line_height=&#8221;1.4em&#8221; header_2_font=&#8221;Sorts Mill Goudy||||||||&#8221; header_2_font_size=&#8221;30px&#8221; header_2_line_height=&#8221;1.4em&#8221; text_orientation=&#8221;center&#8221; max_width=&#8221;500px&#8221; module_alignment=&#8221;center&#8221; custom_margin=&#8221;||1em||false|false&#8221; custom_padding=&#8221;|||1em|false|false&#8221; header_2_font_size_tablet=&#8221;30px&#8221; header_2_font_size_phone=&#8221;20px&#8221; header_2_font_size_last_edited=&#8221;on|phone&#8221; global_colors_info=&#8221;{}&#8221;]<\/p>\n<h2>Beneficis<\/h2>\n<p>[\/et_pb_text][\/et_pb_column][\/et_pb_row][et_pb_row _builder_version=&#8221;4.27.4&#8243; _module_preset=&#8221;default&#8221; custom_padding=&#8221;||0px||false|false&#8221; hover_enabled=&#8221;0&#8243; locked=&#8221;off&#8221; global_colors_info=&#8221;{}&#8221; module_id=&#8221;beneficios&#8221; sticky_enabled=&#8221;0&#8243;][et_pb_column type=&#8221;4_4&#8243; _builder_version=&#8221;4.27.4&#8243; _module_preset=&#8221;default&#8221; custom_css_main_element=&#8221;display:flex;||flex-flow:wrap;&#8221; global_colors_info=&#8221;{}&#8221;][et_pb_blurb title=&#8221;Optimitzaci\u00f3 de costos operatius&#8221; image=&#8221;https:\/\/inerpro.es\/wp-content\/uploads\/inerpro-icono-optimizacion-costes-verde.svg&#8221; alt=&#8221;Optimitzaci\u00f3 de costos verds&#8221; content_max_width=&#8221;100%&#8221; _builder_version=&#8221;4.27.4&#8243; _module_preset=&#8221;default&#8221; header_font=&#8221;|||on|||||&#8221; header_text_align=&#8221;center&#8221; header_text_color=&#8221;#000000&#8243; header_font_size=&#8221;18px&#8221; header_line_height=&#8221;1.5em&#8221; max_width=&#8221;21%&#8221; max_width_tablet=&#8221;46%&#8221; max_width_phone=&#8221;100%&#8221; max_width_last_edited=&#8221;on|tablet&#8221; module_alignment=&#8221;center&#8221; custom_margin=&#8221;|2%||2%|false|true&#8221; custom_margin_tablet=&#8221;|2%||2%|false|true&#8221; custom_margin_phone=&#8221;|0%||0%|false|true&#8221; custom_margin_last_edited=&#8221;on|tablet&#8221; custom_css_free_form=&#8221;selector img{||  filter:brightness(10);||  max-width:50px;||  display:block;||  width:80px;||  height:80px;||}&#8221; custom_css_blurb_image=&#8221;background-color:#173E76;||max-width:80px;||height:80px;||display:flex;||align-items:center;||justify-content:center;||margin:auto;||margin-bottom:1em;||border-radius:100%;&#8221; global_colors_info=&#8221;{}&#8221;]<\/p>\n<p>Les mesures d\u2019efici\u00e8ncia energ\u00e8tica, transici\u00f3 a energies renovables i implementaci\u00f3 d\u2019un pla de minimitzaci\u00f3 de residus es tradueixen en estalvis econ\u00f2mics de l\u2019operaci\u00f3 di\u00e0ria.<\/p>\n<p><\/p>\n<ul>\n<li>Reducci\u00f3 de costos energ\u00e8tics mitjan\u00e7ant mesures d\u2019efici\u00e8ncia i autogeneraci\u00f3 renovable.<\/li>\n<li>Disminuci\u00f3 de la despesa en gesti\u00f3 de residus mitjan\u00e7ant estrat\u00e8gies d\u2019economia circular.<\/li>\n<li>Reducci\u00f3 de despeses de manteniment gr\u00e0cies a l\u2019automatitzaci\u00f3 i digitalitzaci\u00f3 de processos.<\/li>\n<\/ul>\n<p>[\/et_pb_blurb][et_pb_blurb title=&#8221;Avantatge competitiva i de posicionament&#8221; image=&#8221;https:\/\/inerpro.es\/wp-content\/uploads\/inerpro-icono-ventaja-competitiva.svg&#8221; alt=&#8221;Optimitzaci\u00f3 de costos verds&#8221; content_max_width=&#8221;100%&#8221; _builder_version=&#8221;4.27.4&#8243; _module_preset=&#8221;default&#8221; header_font=&#8221;|||on|||||&#8221; header_text_align=&#8221;center&#8221; header_text_color=&#8221;#000000&#8243; header_font_size=&#8221;18px&#8221; header_line_height=&#8221;1.5em&#8221; max_width=&#8221;21%&#8221; max_width_tablet=&#8221;46%&#8221; max_width_phone=&#8221;100%&#8221; max_width_last_edited=&#8221;on|tablet&#8221; module_alignment=&#8221;center&#8221; custom_margin=&#8221;|2%||2%|false|true&#8221; custom_margin_tablet=&#8221;|2%||2%|false|true&#8221; custom_margin_phone=&#8221;|0%||0%|false|true&#8221; custom_margin_last_edited=&#8221;on|tablet&#8221; custom_css_free_form=&#8221;selector img{||  filter:brightness(10);||  max-width:50px;||  display:block;||  width:80px;||  height:80px;||}&#8221; custom_css_blurb_image=&#8221;background-color:#173E76;||max-width:80px;||height:80px;||display:flex;||align-items:center;||justify-content:center;||margin:auto;||margin-bottom:1em;||border-radius:100%;&#8221; global_colors_info=&#8221;{}&#8221;]<\/p>\n<p>Un pla s\u00f2lid de sostenibilitat es converteix en un diferenciador al mercat, donant un car\u00e0cter innovador i de supervisi\u00f3 constant de la qualitat i la sostenibilitat, atraient noves oportunitats i enfortint les relacions comercials.<\/p>\n<p><\/p>\n<ul>\n<li>Diferenciaci\u00f3, adaptabilitat i noves oportunitats de mercat<\/li>\n<li>Prefer\u00e8ncia dels consumidors per empreses sostenibles<\/li>\n<li>Millora del posicionament de l\u2019empresa en licitacions i contractacions p\u00fabliques i privades<\/li>\n<\/ul>\n<p>[\/et_pb_blurb][et_pb_blurb title=&#8221;Compliment normatiu i mitigaci\u00f3 de riscos&#8221; image=&#8221;https:\/\/inerpro.es\/wp-content\/uploads\/inerpro-icono-cumplimiento-normativa-verde.svg&#8221; alt=&#8221;Optimitzaci\u00f3 de costos verds&#8221; content_max_width=&#8221;100%&#8221; admin_label=&#8221;Anuncio&#8221; _builder_version=&#8221;4.27.4&#8243; _module_preset=&#8221;default&#8221; header_font=&#8221;|||on|||||&#8221; header_text_align=&#8221;center&#8221; header_text_color=&#8221;#000000&#8243; header_font_size=&#8221;18px&#8221; header_line_height=&#8221;1.5em&#8221; max_width=&#8221;21%&#8221; max_width_tablet=&#8221;46%&#8221; max_width_phone=&#8221;100%&#8221; max_width_last_edited=&#8221;on|tablet&#8221; module_alignment=&#8221;center&#8221; custom_margin=&#8221;|2%||2%|false|true&#8221; custom_margin_tablet=&#8221;|2%||2%|false|true&#8221; custom_margin_phone=&#8221;|0%||0%|false|true&#8221; custom_margin_last_edited=&#8221;on|tablet&#8221; custom_css_free_form=&#8221;selector img{||  filter:brightness(10);||  max-width:50px;||  display:block;||  width:80px;||  height:80px;||}&#8221; custom_css_blurb_image=&#8221;background-color:#173E76;||max-width:80px;||height:80px;||display:flex;||align-items:center;||justify-content:center;||margin:auto;||margin-bottom:1em;||border-radius:100%;&#8221; global_colors_info=&#8221;{}&#8221;]<\/p>\n<p>Garantia d\u2019adaptar-se i complir amb les regulacions ambientals actuals i futures, evitant multes i sancions.<\/p>\n<p>[\/et_pb_blurb][et_pb_blurb title=&#8221;Visi\u00f3 estrat\u00e8gica a llarg termini&#8221; image=&#8221;https:\/\/inerpro.es\/wp-content\/uploads\/inerpro-icono-vision-estrategica-verde.svg&#8221; alt=&#8221;Optimitzaci\u00f3 de costos verds&#8221; content_max_width=&#8221;100%&#8221; admin_label=&#8221;Anuncio&#8221; _builder_version=&#8221;4.27.4&#8243; _module_preset=&#8221;default&#8221; header_font=&#8221;|||on|||||&#8221; header_text_align=&#8221;center&#8221; header_text_color=&#8221;#000000&#8243; header_font_size=&#8221;18px&#8221; header_line_height=&#8221;1.5em&#8221; max_width=&#8221;21%&#8221; max_width_tablet=&#8221;46%&#8221; max_width_phone=&#8221;100%&#8221; max_width_last_edited=&#8221;on|tablet&#8221; module_alignment=&#8221;center&#8221; custom_margin=&#8221;|2%||2%|false|true&#8221; custom_margin_tablet=&#8221;|2%||2%|false|true&#8221; custom_margin_phone=&#8221;|0%||0%|false|true&#8221; custom_margin_last_edited=&#8221;on|tablet&#8221; custom_css_free_form=&#8221;selector img{||  filter:brightness(10);||  max-width:50px;||  display:block;||  width:80px;||  height:80px;||}&#8221; custom_css_blurb_image=&#8221;background-color:#173E76;||max-width:80px;||height:80px;||display:flex;||align-items:center;||justify-content:center;||margin:auto;||margin-bottom:1em;||border-radius:100%;&#8221; global_colors_info=&#8221;{}&#8221;]<\/p>\n<p>Enfortiment de la resili\u00e8ncia de l\u2019empresa davant dels canvis de mercat i desafiaments clim\u00e0tics, integrant la sostenibilitat en el model de negoci.<\/p>\n<p>[\/et_pb_blurb][et_pb_blurb title=&#8221;Objectivitat del projecte&#8221; image=&#8221;https:\/\/inerpro.es\/wp-content\/uploads\/inerpro-icono-objetividad-proyecto-verde.svg&#8221; alt=&#8221;Optimitzaci\u00f3 de costos verds&#8221; content_max_width=&#8221;100%&#8221; _builder_version=&#8221;4.27.4&#8243; _module_preset=&#8221;default&#8221; header_font=&#8221;|||on|||||&#8221; header_text_align=&#8221;center&#8221; header_text_color=&#8221;#000000&#8243; header_font_size=&#8221;18px&#8221; header_line_height=&#8221;1.5em&#8221; max_width=&#8221;21%&#8221; max_width_tablet=&#8221;46%&#8221; max_width_phone=&#8221;100%&#8221; max_width_last_edited=&#8221;on|tablet&#8221; module_alignment=&#8221;center&#8221; custom_margin=&#8221;|2%||2%|false|true&#8221; custom_margin_tablet=&#8221;|2%||2%|false|true&#8221; custom_margin_phone=&#8221;|0%||0%|false|true&#8221; custom_margin_last_edited=&#8221;on|tablet&#8221; custom_css_free_form=&#8221;selector img{||  filter:brightness(10);||  max-width:50px;||  display:block;||  width:80px;||  height:80px;||}&#8221; custom_css_blurb_image=&#8221;background-color:#173E76;||max-width:80px;||height:80px;||display:flex;||align-items:center;||justify-content:center;||margin:auto;||margin-bottom:1em;||border-radius:100%;&#8221; global_colors_info=&#8221;{}&#8221;]<\/p>\n<p>Els plans de millora es basen en dades de car\u00e0cter oficial i general, com ara els c\u00e0lculs de la petjada de carboni i h\u00eddrica, auditories energ\u00e8tiques, certificats d\u2019efici\u00e8ncia energ\u00e8tica, aportant dades clares i s\u00f2lides que optimitzen els recursos i processos, eliminant inefici\u00e8ncies en els projectes.<\/p>\n<p>[\/et_pb_blurb][et_pb_blurb title=&#8221;Independ\u00e8ncia energ\u00e8tica&#8221; image=&#8221;https:\/\/inerpro.es\/wp-content\/uploads\/inerpro-icono-independencia-energetica-verde.svg&#8221; alt=&#8221;Optimitzaci\u00f3 de costos verds&#8221; content_max_width=&#8221;100%&#8221; _builder_version=&#8221;4.27.4&#8243; _module_preset=&#8221;default&#8221; header_font=&#8221;|||on|||||&#8221; header_text_align=&#8221;center&#8221; header_text_color=&#8221;#000000&#8243; header_font_size=&#8221;18px&#8221; header_line_height=&#8221;1.5em&#8221; max_width=&#8221;21%&#8221; max_width_tablet=&#8221;46%&#8221; max_width_phone=&#8221;100%&#8221; max_width_last_edited=&#8221;on|tablet&#8221; module_alignment=&#8221;center&#8221; custom_margin=&#8221;|2%||2%|false|true&#8221; custom_margin_tablet=&#8221;|2%||2%|false|true&#8221; custom_margin_phone=&#8221;|0%||0%|false|true&#8221; custom_margin_last_edited=&#8221;on|tablet&#8221; custom_css_free_form=&#8221;selector img{||  filter:brightness(10);||  max-width:50px;||  display:block;||  width:80px;||  height:80px;||}&#8221; custom_css_blurb_image=&#8221;background-color:#173E76;||max-width:80px;||height:80px;||display:flex;||align-items:center;||justify-content:center;||margin:auto;||margin-bottom:1em;||border-radius:100%;&#8221; global_colors_info=&#8221;{}&#8221;]<\/p>\n<p>Reducci\u00f3 de la depend\u00e8ncia energ\u00e8tica de la xarxa gr\u00e0cies a la reducci\u00f3 del consum i a la generaci\u00f3 d\u2019energia renovable.<\/p>\n<p>[\/et_pb_blurb][et_pb_blurb title=&#8221;Increment del valor patrimonial&#8221; image=&#8221;https:\/\/inerpro.es\/wp-content\/uploads\/inerpro-icono-incremento-valor-verde.svg&#8221; alt=&#8221;Optimitzaci\u00f3 de costos verds&#8221; content_max_width=&#8221;100%&#8221; _builder_version=&#8221;4.27.4&#8243; _module_preset=&#8221;default&#8221; header_font=&#8221;|||on|||||&#8221; header_text_align=&#8221;center&#8221; header_text_color=&#8221;#000000&#8243; header_font_size=&#8221;18px&#8221; header_line_height=&#8221;1.5em&#8221; max_width=&#8221;21%&#8221; max_width_tablet=&#8221;46%&#8221; max_width_phone=&#8221;100%&#8221; max_width_last_edited=&#8221;on|tablet&#8221; module_alignment=&#8221;center&#8221; custom_margin=&#8221;|2%||2%|false|true&#8221; custom_margin_tablet=&#8221;|2%||2%|false|true&#8221; custom_margin_phone=&#8221;|0%||0%|false|true&#8221; custom_margin_last_edited=&#8221;on|tablet&#8221; custom_css_free_form=&#8221;selector img{||  filter:brightness(10);||  max-width:50px;||  display:block;||  width:80px;||  height:80px;||}&#8221; custom_css_blurb_image=&#8221;background-color:#173E76;||max-width:80px;||height:80px;||display:flex;||align-items:center;||justify-content:center;||margin:auto;||margin-bottom:1em;||border-radius:100%;&#8221; global_colors_info=&#8221;{}&#8221;]<\/p>\n<p>Els plans d\u2019acci\u00f3 sostenibles i els assoliments mesurables en reducci\u00f3 d\u2019emissions fan les empreses m\u00e9s atractives per als inversors que prioritzen criteris ESG (ambientals, socials i de governan\u00e7a).<\/p>\n<p>[\/et_pb_blurb][et_pb_blurb title=&#8221;Reconeixement i fidelitzaci\u00f3 del client&#8221; image=&#8221;https:\/\/inerpro.es\/wp-content\/uploads\/inerpro-icono-reconocimiento-cliente-verde.svg&#8221; alt=&#8221;Optimitzaci\u00f3 de costos verds&#8221; content_max_width=&#8221;100%&#8221; _builder_version=&#8221;4.27.4&#8243; _module_preset=&#8221;default&#8221; header_font=&#8221;|||on|||||&#8221; header_text_align=&#8221;center&#8221; header_text_color=&#8221;#000000&#8243; header_font_size=&#8221;18px&#8221; header_line_height=&#8221;1.5em&#8221; max_width=&#8221;21%&#8221; max_width_tablet=&#8221;46%&#8221; max_width_phone=&#8221;100%&#8221; max_width_last_edited=&#8221;on|tablet&#8221; module_alignment=&#8221;center&#8221; custom_margin=&#8221;|2%||2%|false|true&#8221; custom_margin_tablet=&#8221;|2%||2%|false|true&#8221; custom_margin_phone=&#8221;|0%||0%|false|true&#8221; custom_margin_last_edited=&#8221;on|tablet&#8221; custom_css_free_form=&#8221;selector img{||  filter:brightness(10);||  max-width:50px;||  display:block;||  width:80px;||  height:80px;||}&#8221; custom_css_blurb_image=&#8221;background-color:#173E76;||max-width:80px;||height:80px;||display:flex;||align-items:center;||justify-content:center;||margin:auto;||margin-bottom:1em;||border-radius:100%;&#8221; global_colors_info=&#8221;{}&#8221;]<\/p>\n<p>Les estrat\u00e8gies de comunicaci\u00f3 sostenible permeten divulgar els assoliments de manera efectiva, cosa que refor\u00e7a la confian\u00e7a i la fidelitat dels clients i consumidors finals, generant confian\u00e7a i diferenciaci\u00f3 davant de la compet\u00e8ncia.<\/p>\n<p>[\/et_pb_blurb][et_pb_blurb title=&#8221;Automatitzaci\u00f3 de sistemes&#8221; image=&#8221;https:\/\/inerpro.es\/wp-content\/uploads\/inerpro-icono-automatizacion-sistemas-verde.svg&#8221; alt=&#8221;Optimitzaci\u00f3 de costos verds&#8221; content_max_width=&#8221;100%&#8221; _builder_version=&#8221;4.27.4&#8243; _module_preset=&#8221;default&#8221; header_font=&#8221;|||on|||||&#8221; header_text_align=&#8221;center&#8221; header_text_color=&#8221;#000000&#8243; header_font_size=&#8221;18px&#8221; header_line_height=&#8221;1.5em&#8221; max_width=&#8221;21%&#8221; max_width_tablet=&#8221;46%&#8221; max_width_phone=&#8221;100%&#8221; max_width_last_edited=&#8221;on|tablet&#8221; module_alignment=&#8221;center&#8221; custom_margin=&#8221;|2%||2%|false|true&#8221; custom_margin_tablet=&#8221;|2%||2%|false|true&#8221; custom_margin_phone=&#8221;|0%||0%|false|true&#8221; custom_margin_last_edited=&#8221;on|tablet&#8221; custom_css_free_form=&#8221;selector img{||  filter:brightness(10);||  max-width:50px;||  display:block;||  width:80px;||  height:80px;||}&#8221; custom_css_blurb_image=&#8221;background-color:#173E76;||max-width:80px;||height:80px;||display:flex;||align-items:center;||justify-content:center;||margin:auto;||margin-bottom:1em;||border-radius:100%;&#8221; global_colors_info=&#8221;{}&#8221;]<\/p>\n<p>Control i monitoratge de les instal\u00b7lacions en mode remot que en milloren la fiabilitat i la productivitat. A m\u00e9s, millorem el benestar dels usuaris i el seguiment de variables cr\u00edtiques normatives.<\/p>\n<p>[\/et_pb_blurb][et_pb_blurb title=&#8221;Contribuci\u00f3 a un futur m\u00e9s sostenible&#8221; image=&#8221;https:\/\/inerpro.es\/wp-content\/uploads\/inerpro-icono-contribucion-futuru-sostenible-verde.svg&#8221; alt=&#8221;Optimitzaci\u00f3 de costos verds&#8221; content_max_width=&#8221;100%&#8221; _builder_version=&#8221;4.27.4&#8243; _module_preset=&#8221;default&#8221; header_font=&#8221;|||on|||||&#8221; header_text_align=&#8221;center&#8221; header_text_color=&#8221;#000000&#8243; header_font_size=&#8221;18px&#8221; header_line_height=&#8221;1.5em&#8221; max_width=&#8221;21%&#8221; max_width_tablet=&#8221;46%&#8221; max_width_phone=&#8221;100%&#8221; max_width_last_edited=&#8221;on|tablet&#8221; module_alignment=&#8221;center&#8221; custom_margin=&#8221;|2%||2%|false|true&#8221; custom_margin_tablet=&#8221;|2%||2%|false|true&#8221; custom_margin_phone=&#8221;|0%||0%|false|true&#8221; custom_margin_last_edited=&#8221;on|tablet&#8221; custom_css_free_form=&#8221;selector img{||  filter:brightness(10);||  max-width:50px;||  display:block;||  width:80px;||  height:80px;||}&#8221; custom_css_blurb_image=&#8221;background-color:#173E76;||max-width:80px;||height:80px;||display:flex;||align-items:center;||justify-content:center;||margin:auto;||margin-bottom:1em;||border-radius:100%;&#8221; global_colors_info=&#8221;{}&#8221;]<\/p>\n<p>Contribuci\u00f3 activa en la lluita contra el canvi clim\u00e0tic, posicionant-se com un actor positiu a la societat.<\/p>\n<p>[\/et_pb_blurb][et_pb_blurb title=&#8221;Optimitzaci\u00f3 dels recursos&#8221; image=&#8221;https:\/\/inerpro.es\/wp-content\/uploads\/inerpro-icono-optimatizacion-recursos-verde.svg&#8221; alt=&#8221;Optimitzaci\u00f3 de costos verds&#8221; content_max_width=&#8221;100%&#8221; admin_label=&#8221;Anuncio&#8221; _builder_version=&#8221;4.27.4&#8243; _module_preset=&#8221;default&#8221; header_font=&#8221;|||on|||||&#8221; header_text_align=&#8221;center&#8221; header_text_color=&#8221;#000000&#8243; header_font_size=&#8221;18px&#8221; header_line_height=&#8221;1.5em&#8221; max_width=&#8221;21%&#8221; max_width_tablet=&#8221;46%&#8221; max_width_phone=&#8221;100%&#8221; max_width_last_edited=&#8221;on|tablet&#8221; module_alignment=&#8221;center&#8221; custom_margin=&#8221;|2%||2%|false|true&#8221; custom_margin_tablet=&#8221;|2%||2%|false|true&#8221; custom_margin_phone=&#8221;|0%||0%|false|true&#8221; custom_margin_last_edited=&#8221;on|tablet&#8221; custom_css_free_form=&#8221;selector img{||  filter:brightness(10);||  max-width:50px;||  display:block;||  width:80px;||  height:80px;||}&#8221; custom_css_blurb_image=&#8221;background-color:#173E76;||max-width:80px;||height:80px;||display:flex;||align-items:center;||justify-content:center;||margin:auto;||margin-bottom:1em;||border-radius:100%;&#8221; global_colors_info=&#8221;{}&#8221;]<\/p>\n<p>Incorporaci\u00f3 de l\u2019eco-disseny, compra verda i pla general de residus que redueix les necessitats de compra i dona valor afegit a segons quins residus.<\/p>\n<p>[\/et_pb_blurb][\/et_pb_column][\/et_pb_row][\/et_pb_section][et_pb_section fb_built=&#8221;1&#8243; _builder_version=&#8221;4.27.4&#8243; _module_preset=&#8221;default&#8221; background_image=&#8221;https:\/\/inerpro.es\/wp-content\/uploads\/inerpro-fondo-cta-objetivos-sostenibilidad.webp&#8221; background_position=&#8221;top_center&#8221; custom_padding=&#8221;0em||0em||true|false&#8221; locked=&#8221;off&#8221; global_colors_info=&#8221;{}&#8221;][et_pb_row _builder_version=&#8221;4.27.4&#8243; _module_preset=&#8221;default&#8221; width=&#8221;90%&#8221; locked=&#8221;off&#8221; global_colors_info=&#8221;{}&#8221;][et_pb_column type=&#8221;4_4&#8243; _builder_version=&#8221;4.27.4&#8243; _module_preset=&#8221;default&#8221; global_colors_info=&#8221;{}&#8221;][et_pb_text _builder_version=&#8221;4.27.4&#8243; _module_preset=&#8221;default&#8221; header_text_color=&#8221;#FFFFFF&#8221; header_font_size=&#8221;40px&#8221; header_line_height=&#8221;1.4em&#8221; header_2_font=&#8221;Sorts Mill Goudy||||||||&#8221; header_2_text_align=&#8221;center&#8221; header_2_font_size=&#8221;35px&#8221; header_2_line_height=&#8221;1.4em&#8221; max_width=&#8221;700px&#8221; module_alignment=&#8221;center&#8221; custom_margin=&#8221;||1em||false|false&#8221; custom_padding=&#8221;|||1em|false|false&#8221; header_2_font_size_tablet=&#8221;30px&#8221; header_2_font_size_phone=&#8221;20px&#8221; header_2_font_size_last_edited=&#8221;on|tablet&#8221; custom_css_free_form=&#8221;selector strong{||  color:#1a887a;||}&#8221; global_colors_info=&#8221;{}&#8221;]<\/p>\n<h2><span style=\"color: #ffffff;\">Tens objectius de sostenibilitat, per\u00f2 no saps per on comen\u00e7ar?<\/span><\/h2>\n<p><\/p>\n<p style=\"text-align: center;\"><span style=\"color: #ffffff;\">Explica\u2019ns el teu repte i t\u2019ajudem a convertir-lo en un pla viable, finan\u00e7at i executat amb \u00e8xit.<\/span><\/p>\n<p>[\/et_pb_text][et_pb_button button_url=&#8221;@ET-DC@eyJkeW5hbWljIjp0cnVlLCJjb250ZW50IjoicG9zdF9saW5rX3VybF9wYWdlIiwic2V0dGluZ3MiOnsicG9zdF9pZCI6Ijg0In19@&#8221; button_text=&#8221;Sol\u00b7licita el teu pla personalitzat&#8221; button_alignment=&#8221;center&#8221; _builder_version=&#8221;4.27.4&#8243; _dynamic_attributes=&#8221;button_url&#8221; _module_preset=&#8221;default&#8221; custom_margin=&#8221;30px||20px||false|false&#8221; locked=&#8221;off&#8221; global_colors_info=&#8221;{}&#8221;][\/et_pb_button][\/et_pb_column][\/et_pb_row][\/et_pb_section]<\/p>\n","protected":false},"excerpt":{"rendered":"<p>Beneficis per a empresesBeneficis d\u2019un projecte de descarbonitzaci\u00f3 amb InerproInerpro combina experi\u00e8ncia, tecnologia i sostenibilitat per garantir l\u2019\u00e8xit de cada projecte.BeneficisLes mesures d\u2019efici\u00e8ncia energ\u00e8tica, transici\u00f3 a energies renovables i implementaci\u00f3 d\u2019un pla de minimitzaci\u00f3 de residus es tradueixen en estalvis econ\u00f2mics de l\u2019operaci\u00f3 di\u00e0ria. Reducci\u00f3 de costos energ\u00e8tics mitjan\u00e7ant mesures d\u2019efici\u00e8ncia i autogeneraci\u00f3 renovable. Disminuci\u00f3 [&hellip;]<\/p>\n","protected":false},"author":1,"featured_media":0,"parent":0,"menu_order":0,"comment_status":"closed","ping_status":"closed","template":"","meta":{"_et_pb_use_builder":"on","_et_pb_old_content":"","_et_gb_content_width":"","inline_featured_image":false,"footnotes":""},"class_list":["post-906","page","type-page","status-publish","hentry"],"yoast_head":"<!-- This site is optimized with the Yoast SEO plugin v27.4 - https:\/\/yoast.com\/product\/yoast-seo-wordpress\/ -->\n<title>Beneficis de la descarbonitzaci\u00f3 per a empreses | Inerpro<\/title>\n<meta name=\"description\" content=\"Redueix costos, millora la teva imatge de marca i accedeix a subvencions gr\u00e0cies a l\u2019efici\u00e8ncia energ\u00e8tica i la descarbonitzaci\u00f3 amb Inerpro.\" \/>\n<meta name=\"robots\" content=\"index, follow, max-snippet:-1, max-image-preview:large, max-video-preview:-1\" \/>\n<link rel=\"canonical\" href=\"https:\/\/inerpro.es\/ca\/beneficis\/\" \/>\n<meta property=\"og:locale\" content=\"ca_ES\" \/>\n<meta property=\"og:type\" content=\"article\" \/>\n<meta property=\"og:title\" content=\"Beneficis de la descarbonitzaci\u00f3 per a empreses | Inerpro\" \/>\n<meta property=\"og:description\" content=\"Redueix costos, millora la teva imatge de marca i accedeix a subvencions gr\u00e0cies a l\u2019efici\u00e8ncia energ\u00e8tica i la descarbonitzaci\u00f3 amb Inerpro.\" \/>\n<meta property=\"og:url\" content=\"https:\/\/inerpro.es\/ca\/beneficis\/\" \/>\n<meta property=\"og:site_name\" content=\"Inerpro\" \/>\n<meta property=\"article:modified_time\" content=\"2025-09-10T16:34:15+00:00\" \/>\n<meta name=\"twitter:card\" content=\"summary_large_image\" \/>\n<meta name=\"twitter:label1\" content=\"Temps estimat de lectura\" \/>\n\t<meta name=\"twitter:data1\" content=\"13 minuts\" \/>\n<script type=\"application\/ld+json\" class=\"yoast-schema-graph\">{\"@context\":\"https:\\\/\\\/schema.org\",\"@graph\":[{\"@type\":\"WebPage\",\"@id\":\"https:\\\/\\\/inerpro.es\\\/ca\\\/beneficis\\\/\",\"url\":\"https:\\\/\\\/inerpro.es\\\/ca\\\/beneficis\\\/\",\"name\":\"Beneficis de la descarbonitzaci\u00f3 per a empreses | Inerpro\",\"isPartOf\":{\"@id\":\"https:\\\/\\\/inerpro.es\\\/ca\\\/#website\"},\"datePublished\":\"2025-07-17T14:36:59+00:00\",\"dateModified\":\"2025-09-10T16:34:15+00:00\",\"description\":\"Redueix costos, millora la teva imatge de marca i accedeix a subvencions gr\u00e0cies a l\u2019efici\u00e8ncia energ\u00e8tica i la descarbonitzaci\u00f3 amb Inerpro.\",\"breadcrumb\":{\"@id\":\"https:\\\/\\\/inerpro.es\\\/ca\\\/beneficis\\\/#breadcrumb\"},\"inLanguage\":\"ca\",\"potentialAction\":[{\"@type\":\"ReadAction\",\"target\":[\"https:\\\/\\\/inerpro.es\\\/ca\\\/beneficis\\\/\"]}]},{\"@type\":\"BreadcrumbList\",\"@id\":\"https:\\\/\\\/inerpro.es\\\/ca\\\/beneficis\\\/#breadcrumb\",\"itemListElement\":[{\"@type\":\"ListItem\",\"position\":1,\"name\":\"Portada\",\"item\":\"https:\\\/\\\/inerpro.es\\\/ca\\\/\"},{\"@type\":\"ListItem\",\"position\":2,\"name\":\"Beneficis\"}]},{\"@type\":\"WebSite\",\"@id\":\"https:\\\/\\\/inerpro.es\\\/ca\\\/#website\",\"url\":\"https:\\\/\\\/inerpro.es\\\/ca\\\/\",\"name\":\"Inerpro\",\"description\":\"\",\"potentialAction\":[{\"@type\":\"SearchAction\",\"target\":{\"@type\":\"EntryPoint\",\"urlTemplate\":\"https:\\\/\\\/inerpro.es\\\/ca\\\/?s={search_term_string}\"},\"query-input\":{\"@type\":\"PropertyValueSpecification\",\"valueRequired\":true,\"valueName\":\"search_term_string\"}}],\"inLanguage\":\"ca\"}]}<\/script>\n<!-- \/ Yoast SEO plugin. -->","yoast_head_json":{"title":"Beneficis de la descarbonitzaci\u00f3 per a empreses | Inerpro","description":"Redueix costos, millora la teva imatge de marca i accedeix a subvencions gr\u00e0cies a l\u2019efici\u00e8ncia energ\u00e8tica i la descarbonitzaci\u00f3 amb Inerpro.","robots":{"index":"index","follow":"follow","max-snippet":"max-snippet:-1","max-image-preview":"max-image-preview:large","max-video-preview":"max-video-preview:-1"},"canonical":"https:\/\/inerpro.es\/ca\/beneficis\/","og_locale":"ca_ES","og_type":"article","og_title":"Beneficis de la descarbonitzaci\u00f3 per a empreses | Inerpro","og_description":"Redueix costos, millora la teva imatge de marca i accedeix a subvencions gr\u00e0cies a l\u2019efici\u00e8ncia energ\u00e8tica i la descarbonitzaci\u00f3 amb Inerpro.","og_url":"https:\/\/inerpro.es\/ca\/beneficis\/","og_site_name":"Inerpro","article_modified_time":"2025-09-10T16:34:15+00:00","twitter_card":"summary_large_image","twitter_misc":{"Temps estimat de lectura":"13 minuts"},"schema":{"@context":"https:\/\/schema.org","@graph":[{"@type":"WebPage","@id":"https:\/\/inerpro.es\/ca\/beneficis\/","url":"https:\/\/inerpro.es\/ca\/beneficis\/","name":"Beneficis de la descarbonitzaci\u00f3 per a empreses | Inerpro","isPartOf":{"@id":"https:\/\/inerpro.es\/ca\/#website"},"datePublished":"2025-07-17T14:36:59+00:00","dateModified":"2025-09-10T16:34:15+00:00","description":"Redueix costos, millora la teva imatge de marca i accedeix a subvencions gr\u00e0cies a l\u2019efici\u00e8ncia energ\u00e8tica i la descarbonitzaci\u00f3 amb Inerpro.","breadcrumb":{"@id":"https:\/\/inerpro.es\/ca\/beneficis\/#breadcrumb"},"inLanguage":"ca","potentialAction":[{"@type":"ReadAction","target":["https:\/\/inerpro.es\/ca\/beneficis\/"]}]},{"@type":"BreadcrumbList","@id":"https:\/\/inerpro.es\/ca\/beneficis\/#breadcrumb","itemListElement":[{"@type":"ListItem","position":1,"name":"Portada","item":"https:\/\/inerpro.es\/ca\/"},{"@type":"ListItem","position":2,"name":"Beneficis"}]},{"@type":"WebSite","@id":"https:\/\/inerpro.es\/ca\/#website","url":"https:\/\/inerpro.es\/ca\/","name":"Inerpro","description":"","potentialAction":[{"@type":"SearchAction","target":{"@type":"EntryPoint","urlTemplate":"https:\/\/inerpro.es\/ca\/?s={search_term_string}"},"query-input":{"@type":"PropertyValueSpecification","valueRequired":true,"valueName":"search_term_string"}}],"inLanguage":"ca"}]}},"_links":{"self":[{"href":"https:\/\/inerpro.es\/ca\/wp-json\/wp\/v2\/pages\/906","targetHints":{"allow":["GET"]}}],"collection":[{"href":"https:\/\/inerpro.es\/ca\/wp-json\/wp\/v2\/pages"}],"about":[{"href":"https:\/\/inerpro.es\/ca\/wp-json\/wp\/v2\/types\/page"}],"author":[{"embeddable":true,"href":"https:\/\/inerpro.es\/ca\/wp-json\/wp\/v2\/users\/1"}],"replies":[{"embeddable":true,"href":"https:\/\/inerpro.es\/ca\/wp-json\/wp\/v2\/comments?post=906"}],"version-history":[{"count":2,"href":"https:\/\/inerpro.es\/ca\/wp-json\/wp\/v2\/pages\/906\/revisions"}],"predecessor-version":[{"id":908,"href":"https:\/\/inerpro.es\/ca\/wp-json\/wp\/v2\/pages\/906\/revisions\/908"}],"wp:attachment":[{"href":"https:\/\/inerpro.es\/ca\/wp-json\/wp\/v2\/media?parent=906"}],"curies":[{"name":"wp","href":"https:\/\/api.w.org\/{rel}","templated":true}]}}